{"id":5139,"date":"2025-08-19T14:34:43","date_gmt":"2025-08-19T12:34:43","guid":{"rendered":"https:\/\/sjomagasinet.se\/?page_id=5139"},"modified":"2025-08-19T14:39:54","modified_gmt":"2025-08-19T12:39:54","slug":"skaldjursfest","status":"publish","type":"page","link":"https:\/\/sjomagasinet.se\/en\/events\/skaldjursfest\/","title":{"rendered":"Skaldjursfest"},"content":{"rendered":"<div data-elementor-type=\"wp-page\" data-elementor-id=\"5139\" class=\"elementor elementor-5139\" data-elementor-post-type=\"page\">\n\t\t\t\t<div class=\"elementor-element elementor-element-5c2fc432 e-flex e-con-boxed e-con e-parent\" data-id=\"5c2fc432\" data-element_type=\"container\" data-e-type=\"container\" data-settings=\"{&quot;background_background&quot;:&quot;classic&quot;}\">\n\t\t\t\t\t<div class=\"e-con-inner\">\n\t\t<div class=\"elementor-element elementor-element-20b07475 e-con-full e-flex e-con e-child\" data-id=\"20b07475\" data-element_type=\"container\" data-e-type=\"container\" data-settings=\"{&quot;background_background&quot;:&quot;classic&quot;}\">\n\t\t\t\t<div class=\"elementor-element elementor-element-2a4cdbcd elementor-widget elementor-widget-image\" data-id=\"2a4cdbcd\" data-element_type=\"widget\" data-e-type=\"widget\" data-widget_type=\"image.default\">\n\t\t\t\t<div class=\"elementor-widget-container\">\n\t\t\t\t\t\t\t\t\t\t\t\t\t\t\t<img fetchpriority=\"high\" decoding=\"async\" width=\"1600\" height=\"900\" src=\"https:\/\/sjomagasinet.se\/wp-content\/uploads\/2025\/08\/Skaldjursskiva-1600-x-900-px.jpg\" class=\"attachment-full size-full wp-image-5141\" alt=\"\" srcset=\"https:\/\/sjomagasinet.se\/wp-content\/uploads\/2025\/08\/Skaldjursskiva-1600-x-900-px.jpg 1600w, https:\/\/sjomagasinet.se\/wp-content\/uploads\/2025\/08\/Skaldjursskiva-1600-x-900-px-300x169.jpg 300w, https:\/\/sjomagasinet.se\/wp-content\/uploads\/2025\/08\/Skaldjursskiva-1600-x-900-px-1024x576.jpg 1024w, https:\/\/sjomagasinet.se\/wp-content\/uploads\/2025\/08\/Skaldjursskiva-1600-x-900-px-768x432.jpg 768w, https:\/\/sjomagasinet.se\/wp-content\/uploads\/2025\/08\/Skaldjursskiva-1600-x-900-px-1536x864.jpg 1536w, https:\/\/sjomagasinet.se\/wp-content\/uploads\/2025\/08\/Skaldjursskiva-1600-x-900-px-18x10.jpg 18w, https:\/\/sjomagasinet.se\/wp-content\/uploads\/2025\/08\/Skaldjursskiva-1600-x-900-px-600x338.jpg 600w\" sizes=\"(max-width: 1600px) 100vw, 1600px\" \/>\t\t\t\t\t\t\t\t\t\t\t\t\t\t\t<\/div>\n\t\t\t\t<\/div>\n\t\t\t\t<div class=\"elementor-element elementor-element-528d218b elementor-widget elementor-widget-heading\" data-id=\"528d218b\" data-element_type=\"widget\" data-e-type=\"widget\" data-widget_type=\"heading.default\">\n\t\t\t\t<div class=\"elementor-widget-container\">\n\t\t\t\t\t<h1 class=\"elementor-heading-title elementor-size-default\">Sj\u00f6magasinet &amp; V\u00e4stkustpojkarna bjuder in till en of\u00f6rgl\u00f6mlig Skaldjursfest<\/h1>\t\t\t\t<\/div>\n\t\t\t\t<\/div>\n\t\t\t\t<div class=\"elementor-element elementor-element-6bc3e3d6 elementor-widget-divider--view-line elementor-widget elementor-widget-divider\" data-id=\"6bc3e3d6\" data-element_type=\"widget\" data-e-type=\"widget\" data-widget_type=\"divider.default\">\n\t\t\t\t<div class=\"elementor-widget-container\">\n\t\t\t\t\t\t\t<div class=\"elementor-divider\">\n\t\t\t<span class=\"elementor-divider-separator\">\n\t\t\t\t\t\t<\/span>\n\t\t<\/div>\n\t\t\t\t\t\t<\/div>\n\t\t\t\t<\/div>\n\t\t\t\t<div class=\"elementor-element elementor-element-164352e3 elementor-widget elementor-widget-text-editor\" data-id=\"164352e3\" data-element_type=\"widget\" data-e-type=\"widget\" data-widget_type=\"text-editor.default\">\n\t\t\t\t<div class=\"elementor-widget-container\">\n\t\t\t\t\t\t\t\t\t<p>Den 6 september dukar vi upp en kv\u00e4ll vid havet fylld av havets delikatesser, st\u00e4mning och smakupplevelser du sent kommer gl\u00f6mma.<br><br><\/p>\n<p>I samarbete med V\u00e4stkustpojkarna bjuder vi in till en skaldjursfest p\u00e5 bryggan vid Sj\u00f6magasinet. H\u00e4r v\u00e4ntar en gener\u00f6s buff\u00e9 d\u00e4r vi personligen serverar nykokta kr\u00e4ftor direkt fr\u00e5n grytan \u2013 precis som det ska vara.<br><br><\/p>\n<p>P\u00e5 buff\u00e9n hittar du hummer, kr\u00e4ftor, r\u00e4kor, musslor och ostron och fina tillbeh\u00f6r som kantarell- och v\u00e4sterbottenpajer, ostar, s\u00e5ser och nybakat vitl\u00f6ksbr\u00f6d, och inte minst Sj\u00f6magsinets \u00e4ppelpaj med r\u00e5kr\u00e4m.<br><br><\/p>\n<p>Allt detta i en magisk milj\u00f6 p\u00e5 v\u00e5r brygga, med havsutsikt och den d\u00e4r speciella atmosf\u00e4ren som bara Sj\u00f6magasinet kan skapa.<br><br><\/p>\n<p><span style=\"background-color: transparent;\">Datum: 6 september<\/span><br><span style=\"background-color: transparent;\">Tid: 17.30<\/span><br><span style=\"background-color: transparent;\">Pris: 1495 kr\/person<\/span><\/p>\n<div><p><br><\/p>\n<ul>\n<\/ul>\n<p>Platserna \u00e4r begr\u00e4nsade \u2013 boka redan idag f\u00f6r att s\u00e4kra din plats vid havets mest efterl\u00e4ngtade fest!<br><br><\/p>\n<p>Varmt v\u00e4lkomna till en kv\u00e4ll fylld av smak, hav och skaldjurslycka.<\/p>\n<p><i>Vi kan dessv\u00e4rre inte \u00e5terk\u00f6pa n\u00e5gra platser.<\/i><\/p>\n<\/div>\t\t\t\t\t\t\t\t<\/div>\n\t\t\t\t<\/div>\n\t\t<div class=\"elementor-element elementor-element-2dea9bbf e-grid e-con-full e-con e-child\" data-id=\"2dea9bbf\" data-element_type=\"container\" data-e-type=\"container\">\n\t\t\t\t<div class=\"elementor-element elementor-element-2e5a04ed elementor-align-justify elementor-mobile-align-justify elementor-widget elementor-widget-button\" data-id=\"2e5a04ed\" data-element_type=\"widget\" data-e-type=\"widget\" data-widget_type=\"button.default\">\n\t\t\t\t<div class=\"elementor-widget-container\">\n\t\t\t\t\t\t\t\t\t<div class=\"elementor-button-wrapper\">\n\t\t\t\t\t<a class=\"elementor-button elementor-button-link elementor-size-sm\" href=\"https:\/\/sjomagasinet.se\/en\/boka-bord\/\">\n\t\t\t\t\t\t<span class=\"elementor-button-content-wrapper\">\n\t\t\t\t\t\t\t\t\t<span class=\"elementor-button-text\">Book a table<\/span>\n\t\t\t\t\t<\/span>\n\t\t\t\t\t<\/a>\n\t\t\t\t<\/div>\n\t\t\t\t\t\t\t\t<\/div>\n\t\t\t\t<\/div>\n\t\t\t\t<\/div>\n\t\t\t\t<\/div>\n\t\t\t\t\t<\/div>\n\t\t\t\t<\/div>\n\t\t\t\t<\/div>","protected":false},"excerpt":{"rendered":"<p>Sj\u00f6magasinet &amp; V\u00e4stkustpojkarna bjuder in till en of\u00f6rgl\u00f6mlig Skaldjursfest Den 6 september dukar vi upp en kv\u00e4ll vid havet fylld av havets delikatesser, st\u00e4mning och smakupplevelser du sent kommer gl\u00f6mma. I samarbete med V\u00e4stkustpojkarna bjuder vi in till en skaldjursfest p\u00e5 bryggan vid Sj\u00f6magasinet. H\u00e4r v\u00e4ntar en gener\u00f6s buff\u00e9 d\u00e4r vi personligen serverar nykokta kr\u00e4ftor [&hellip;]<\/p>\n","protected":false},"author":1,"featured_media":5137,"parent":4903,"menu_order":0,"comment_status":"closed","ping_status":"closed","template":"","meta":{"footnotes":""},"class_list":["post-5139","page","type-page","status-publish","has-post-thumbnail","hentry"],"yoast_head":"<!-- This site is optimized with the Yoast SEO plugin v27.5 - https:\/\/yoast.com\/product\/yoast-seo-wordpress\/ -->\n<title>Sj\u00f6magasinet &amp; V\u00e4stkustpojkarna bjuder in till Skaldjursfest | Sj\u00f6magasinet<\/title>\n<meta name=\"description\" content=\"Den 6 september dukar vi upp en kv\u00e4ll vid havet fylld av havets delikatesser, st\u00e4mning och smakupplevelser du sent kommer gl\u00f6mma.\" \/>\n<meta name=\"robots\" content=\"index, follow, max-snippet:-1, max-image-preview:large, max-video-preview:-1\" \/>\n<link rel=\"canonical\" href=\"https:\/\/sjomagasinet.se\/en\/events\/skaldjursfest\/\" \/>\n<meta property=\"og:locale\" content=\"en_GB\" \/>\n<meta property=\"og:type\" content=\"article\" \/>\n<meta property=\"og:title\" content=\"Sj\u00f6magasinet &amp; V\u00e4stkustpojkarna bjuder in till Skaldjursfest | Sj\u00f6magasinet\" \/>\n<meta property=\"og:description\" content=\"Den 6 september dukar vi upp en kv\u00e4ll vid havet fylld av havets delikatesser, st\u00e4mning och smakupplevelser du sent kommer gl\u00f6mma.\" \/>\n<meta property=\"og:url\" content=\"https:\/\/sjomagasinet.se\/en\/events\/skaldjursfest\/\" \/>\n<meta property=\"og:site_name\" content=\"Sj\u00f6magasinet\" \/>\n<meta property=\"article:publisher\" content=\"https:\/\/www.facebook.com\/sjomagasinetgbg\" \/>\n<meta property=\"article:modified_time\" content=\"2025-08-19T12:39:54+00:00\" \/>\n<meta property=\"og:image\" content=\"https:\/\/sjomagasinet.se\/wp-content\/uploads\/2023\/09\/Skaldjursfest.jpg\" \/>\n\t<meta property=\"og:image:width\" content=\"1080\" \/>\n\t<meta property=\"og:image:height\" content=\"1080\" \/>\n\t<meta property=\"og:image:type\" content=\"image\/jpeg\" \/>\n<meta name=\"twitter:card\" content=\"summary_large_image\" \/>\n<meta name=\"twitter:label1\" content=\"Estimated reading time\" \/>\n\t<meta name=\"twitter:data1\" content=\"1 minute\" \/>\n<script type=\"application\/ld+json\" class=\"yoast-schema-graph\">{\"@context\":\"https:\\\/\\\/schema.org\",\"@graph\":[{\"@type\":\"WebPage\",\"@id\":\"https:\\\/\\\/sjomagasinet.se\\\/events\\\/skaldjursfest\\\/\",\"url\":\"https:\\\/\\\/sjomagasinet.se\\\/events\\\/skaldjursfest\\\/\",\"name\":\"Sj\u00f6magasinet & V\u00e4stkustpojkarna bjuder in till Skaldjursfest | Sj\u00f6magasinet\",\"isPartOf\":{\"@id\":\"https:\\\/\\\/sjomagasinet.se\\\/#website\"},\"primaryImageOfPage\":{\"@id\":\"https:\\\/\\\/sjomagasinet.se\\\/events\\\/skaldjursfest\\\/#primaryimage\"},\"image\":{\"@id\":\"https:\\\/\\\/sjomagasinet.se\\\/events\\\/skaldjursfest\\\/#primaryimage\"},\"thumbnailUrl\":\"https:\\\/\\\/sjomagasinet.se\\\/wp-content\\\/uploads\\\/2023\\\/09\\\/Skaldjursfest.jpg\",\"datePublished\":\"2025-08-19T12:34:43+00:00\",\"dateModified\":\"2025-08-19T12:39:54+00:00\",\"description\":\"Den 6 september dukar vi upp en kv\u00e4ll vid havet fylld av havets delikatesser, st\u00e4mning och smakupplevelser du sent kommer gl\u00f6mma.\",\"breadcrumb\":{\"@id\":\"https:\\\/\\\/sjomagasinet.se\\\/events\\\/skaldjursfest\\\/#breadcrumb\"},\"inLanguage\":\"en-GB\",\"potentialAction\":[{\"@type\":\"ReadAction\",\"target\":[\"https:\\\/\\\/sjomagasinet.se\\\/events\\\/skaldjursfest\\\/\"]}]},{\"@type\":\"ImageObject\",\"inLanguage\":\"en-GB\",\"@id\":\"https:\\\/\\\/sjomagasinet.se\\\/events\\\/skaldjursfest\\\/#primaryimage\",\"url\":\"https:\\\/\\\/sjomagasinet.se\\\/wp-content\\\/uploads\\\/2023\\\/09\\\/Skaldjursfest.jpg\",\"contentUrl\":\"https:\\\/\\\/sjomagasinet.se\\\/wp-content\\\/uploads\\\/2023\\\/09\\\/Skaldjursfest.jpg\",\"width\":1080,\"height\":1080},{\"@type\":\"BreadcrumbList\",\"@id\":\"https:\\\/\\\/sjomagasinet.se\\\/events\\\/skaldjursfest\\\/#breadcrumb\",\"itemListElement\":[{\"@type\":\"ListItem\",\"position\":1,\"name\":\"Hem\",\"item\":\"https:\\\/\\\/sjomagasinet.se\\\/\"},{\"@type\":\"ListItem\",\"position\":2,\"name\":\"Events\",\"item\":\"https:\\\/\\\/sjomagasinet.se\\\/events\\\/\"},{\"@type\":\"ListItem\",\"position\":3,\"name\":\"Skaldjursfest\"}]},{\"@type\":\"WebSite\",\"@id\":\"https:\\\/\\\/sjomagasinet.se\\\/#website\",\"url\":\"https:\\\/\\\/sjomagasinet.se\\\/\",\"name\":\"Sj\u00f6magasinet\",\"description\":\"Restaurang med passion f\u00f6r fisk och skaldjur\",\"publisher\":{\"@id\":\"https:\\\/\\\/sjomagasinet.se\\\/#organization\"},\"potentialAction\":[{\"@type\":\"SearchAction\",\"target\":{\"@type\":\"EntryPoint\",\"urlTemplate\":\"https:\\\/\\\/sjomagasinet.se\\\/?s={search_term_string}\"},\"query-input\":{\"@type\":\"PropertyValueSpecification\",\"valueRequired\":true,\"valueName\":\"search_term_string\"}}],\"inLanguage\":\"en-GB\"},{\"@type\":[\"Organization\",\"Place\"],\"@id\":\"https:\\\/\\\/sjomagasinet.se\\\/#organization\",\"name\":\"Sj\u00f6magasinet\",\"url\":\"https:\\\/\\\/sjomagasinet.se\\\/\",\"logo\":{\"@id\":\"https:\\\/\\\/sjomagasinet.se\\\/events\\\/skaldjursfest\\\/#local-main-organization-logo\"},\"image\":{\"@id\":\"https:\\\/\\\/sjomagasinet.se\\\/events\\\/skaldjursfest\\\/#local-main-organization-logo\"},\"sameAs\":[\"https:\\\/\\\/www.facebook.com\\\/sjomagasinetgbg\",\"https:\\\/\\\/www.instagram.com\\\/sjomagasinet\\\/\",\"https:\\\/\\\/sv.wikipedia.org\\\/wiki\\\/Sj\u00f6magasinet\"],\"address\":{\"@id\":\"https:\\\/\\\/sjomagasinet.se\\\/events\\\/skaldjursfest\\\/#local-main-place-address\"},\"telephone\":[\"031-775 59 20\"],\"openingHoursSpecification\":[{\"@type\":\"OpeningHoursSpecification\",\"dayOfWeek\":[\"Monday\",\"Tuesday\",\"Wednesday\",\"Thursday\",\"Friday\",\"Saturday\",\"Sunday\"],\"opens\":\"11:30\",\"closes\":\"23:00\"}],\"email\":\"info@sjomagasinet.se\",\"areaServed\":\"Sverige\",\"vatID\":\"559227-1836\"},{\"@type\":\"PostalAddress\",\"@id\":\"https:\\\/\\\/sjomagasinet.se\\\/events\\\/skaldjursfest\\\/#local-main-place-address\",\"streetAddress\":\"Adolf Edelsv\u00e4rds gata 5\",\"addressLocality\":\"G\u00f6teborg\",\"postalCode\":\"41451\",\"addressCountry\":\"SE\"},{\"@type\":\"ImageObject\",\"inLanguage\":\"en-GB\",\"@id\":\"https:\\\/\\\/sjomagasinet.se\\\/events\\\/skaldjursfest\\\/#local-main-organization-logo\",\"url\":\"https:\\\/\\\/sjomagasinet.se\\\/wp-content\\\/uploads\\\/2022\\\/04\\\/logo-wc.png\",\"contentUrl\":\"https:\\\/\\\/sjomagasinet.se\\\/wp-content\\\/uploads\\\/2022\\\/04\\\/logo-wc.png\",\"width\":341,\"height\":117,\"caption\":\"Sj\u00f6magasinet\"}]}<\/script>\n<meta name=\"geo.placename\" content=\"G\u00f6teborg\" \/>\n<meta name=\"geo.region\" content=\"Sweden\" \/>\n<!-- \/ Yoast SEO plugin. -->","yoast_head_json":{"title":"Sj\u00f6magasinet & V\u00e4stkustpojkarna bjuder in till Skaldjursfest | Sj\u00f6magasinet","description":"Den 6 september dukar vi upp en kv\u00e4ll vid havet fylld av havets delikatesser, st\u00e4mning och smakupplevelser du sent kommer gl\u00f6mma.","robots":{"index":"index","follow":"follow","max-snippet":"max-snippet:-1","max-image-preview":"max-image-preview:large","max-video-preview":"max-video-preview:-1"},"canonical":"https:\/\/sjomagasinet.se\/en\/events\/skaldjursfest\/","og_locale":"en_GB","og_type":"article","og_title":"Sj\u00f6magasinet & V\u00e4stkustpojkarna bjuder in till Skaldjursfest | Sj\u00f6magasinet","og_description":"Den 6 september dukar vi upp en kv\u00e4ll vid havet fylld av havets delikatesser, st\u00e4mning och smakupplevelser du sent kommer gl\u00f6mma.","og_url":"https:\/\/sjomagasinet.se\/en\/events\/skaldjursfest\/","og_site_name":"Sj\u00f6magasinet","article_publisher":"https:\/\/www.facebook.com\/sjomagasinetgbg","article_modified_time":"2025-08-19T12:39:54+00:00","og_image":[{"width":1080,"height":1080,"url":"https:\/\/sjomagasinet.se\/wp-content\/uploads\/2023\/09\/Skaldjursfest.jpg","type":"image\/jpeg"}],"twitter_card":"summary_large_image","twitter_misc":{"Estimated reading time":"1 minute"},"schema":{"@context":"https:\/\/schema.org","@graph":[{"@type":"WebPage","@id":"https:\/\/sjomagasinet.se\/events\/skaldjursfest\/","url":"https:\/\/sjomagasinet.se\/events\/skaldjursfest\/","name":"Sj\u00f6magasinet & V\u00e4stkustpojkarna bjuder in till Skaldjursfest | Sj\u00f6magasinet","isPartOf":{"@id":"https:\/\/sjomagasinet.se\/#website"},"primaryImageOfPage":{"@id":"https:\/\/sjomagasinet.se\/events\/skaldjursfest\/#primaryimage"},"image":{"@id":"https:\/\/sjomagasinet.se\/events\/skaldjursfest\/#primaryimage"},"thumbnailUrl":"https:\/\/sjomagasinet.se\/wp-content\/uploads\/2023\/09\/Skaldjursfest.jpg","datePublished":"2025-08-19T12:34:43+00:00","dateModified":"2025-08-19T12:39:54+00:00","description":"Den 6 september dukar vi upp en kv\u00e4ll vid havet fylld av havets delikatesser, st\u00e4mning och smakupplevelser du sent kommer gl\u00f6mma.","breadcrumb":{"@id":"https:\/\/sjomagasinet.se\/events\/skaldjursfest\/#breadcrumb"},"inLanguage":"en-GB","potentialAction":[{"@type":"ReadAction","target":["https:\/\/sjomagasinet.se\/events\/skaldjursfest\/"]}]},{"@type":"ImageObject","inLanguage":"en-GB","@id":"https:\/\/sjomagasinet.se\/events\/skaldjursfest\/#primaryimage","url":"https:\/\/sjomagasinet.se\/wp-content\/uploads\/2023\/09\/Skaldjursfest.jpg","contentUrl":"https:\/\/sjomagasinet.se\/wp-content\/uploads\/2023\/09\/Skaldjursfest.jpg","width":1080,"height":1080},{"@type":"BreadcrumbList","@id":"https:\/\/sjomagasinet.se\/events\/skaldjursfest\/#breadcrumb","itemListElement":[{"@type":"ListItem","position":1,"name":"Hem","item":"https:\/\/sjomagasinet.se\/"},{"@type":"ListItem","position":2,"name":"Events","item":"https:\/\/sjomagasinet.se\/events\/"},{"@type":"ListItem","position":3,"name":"Skaldjursfest"}]},{"@type":"WebSite","@id":"https:\/\/sjomagasinet.se\/#website","url":"https:\/\/sjomagasinet.se\/","name":"Sj\u00f6magasinet","description":"Restaurang med passion f\u00f6r fisk och skaldjur","publisher":{"@id":"https:\/\/sjomagasinet.se\/#organization"},"potentialAction":[{"@type":"SearchAction","target":{"@type":"EntryPoint","urlTemplate":"https:\/\/sjomagasinet.se\/?s={search_term_string}"},"query-input":{"@type":"PropertyValueSpecification","valueRequired":true,"valueName":"search_term_string"}}],"inLanguage":"en-GB"},{"@type":["Organization","Place"],"@id":"https:\/\/sjomagasinet.se\/#organization","name":"Sj\u00f6magasinet","url":"https:\/\/sjomagasinet.se\/","logo":{"@id":"https:\/\/sjomagasinet.se\/events\/skaldjursfest\/#local-main-organization-logo"},"image":{"@id":"https:\/\/sjomagasinet.se\/events\/skaldjursfest\/#local-main-organization-logo"},"sameAs":["https:\/\/www.facebook.com\/sjomagasinetgbg","https:\/\/www.instagram.com\/sjomagasinet\/","https:\/\/sv.wikipedia.org\/wiki\/Sj\u00f6magasinet"],"address":{"@id":"https:\/\/sjomagasinet.se\/events\/skaldjursfest\/#local-main-place-address"},"telephone":["031-775 59 20"],"openingHoursSpecification":[{"@type":"OpeningHoursSpecification","dayOfWeek":["Monday","Tuesday","Wednesday","Thursday","Friday","Saturday","Sunday"],"opens":"11:30","closes":"23:00"}],"email":"info@sjomagasinet.se","areaServed":"Sverige","vatID":"559227-1836"},{"@type":"PostalAddress","@id":"https:\/\/sjomagasinet.se\/events\/skaldjursfest\/#local-main-place-address","streetAddress":"Adolf Edelsv\u00e4rds gata 5","addressLocality":"G\u00f6teborg","postalCode":"41451","addressCountry":"SE"},{"@type":"ImageObject","inLanguage":"en-GB","@id":"https:\/\/sjomagasinet.se\/events\/skaldjursfest\/#local-main-organization-logo","url":"https:\/\/sjomagasinet.se\/wp-content\/uploads\/2022\/04\/logo-wc.png","contentUrl":"https:\/\/sjomagasinet.se\/wp-content\/uploads\/2022\/04\/logo-wc.png","width":341,"height":117,"caption":"Sj\u00f6magasinet"}]},"geo.placename":"G\u00f6teborg","geo.region":"Sweden"},"_links":{"self":[{"href":"https:\/\/sjomagasinet.se\/en\/wp-json\/wp\/v2\/pages\/5139","targetHints":{"allow":["GET"]}}],"collection":[{"href":"https:\/\/sjomagasinet.se\/en\/wp-json\/wp\/v2\/pages"}],"about":[{"href":"https:\/\/sjomagasinet.se\/en\/wp-json\/wp\/v2\/types\/page"}],"author":[{"embeddable":true,"href":"https:\/\/sjomagasinet.se\/en\/wp-json\/wp\/v2\/users\/1"}],"replies":[{"embeddable":true,"href":"https:\/\/sjomagasinet.se\/en\/wp-json\/wp\/v2\/comments?post=5139"}],"version-history":[{"count":7,"href":"https:\/\/sjomagasinet.se\/en\/wp-json\/wp\/v2\/pages\/5139\/revisions"}],"predecessor-version":[{"id":5147,"href":"https:\/\/sjomagasinet.se\/en\/wp-json\/wp\/v2\/pages\/5139\/revisions\/5147"}],"up":[{"embeddable":true,"href":"https:\/\/sjomagasinet.se\/en\/wp-json\/wp\/v2\/pages\/4903"}],"wp:featuredmedia":[{"embeddable":true,"href":"https:\/\/sjomagasinet.se\/en\/wp-json\/wp\/v2\/media\/5137"}],"wp:attachment":[{"href":"https:\/\/sjomagasinet.se\/en\/wp-json\/wp\/v2\/media?parent=5139"}],"curies":[{"name":"wp","href":"https:\/\/api.w.org\/{rel}","templated":true}]}}